{"id":894,"date":"2024-06-11T11:27:24","date_gmt":"2024-06-11T09:27:24","guid":{"rendered":"https:\/\/www.gr-eclat01.fr\/?page_id=894"},"modified":"2025-04-25T11:22:00","modified_gmt":"2025-04-25T09:22:00","slug":"partenaires","status":"publish","type":"page","link":"https:\/\/www.gr-eclat01.fr\/index.php\/partenaires\/","title":{"rendered":"Partenaires"},"content":{"rendered":"\t\t<div data-elementor-type=\"wp-page\" data-elementor-id=\"894\" class=\"elementor elementor-894\">\n\t\t\t\t<div class=\"elementor-element elementor-element-0bab4a5 e-flex e-con-boxed wpr-particle-no wpr-jarallax-no wpr-parallax-no wpr-sticky-section-no wpr-equal-height-no e-con e-parent\" data-id=\"0bab4a5\" data-element_type=\"container\">\n\t\t\t\t\t<div class=\"e-con-inner\">\n\t\t\t\t<div class=\"elementor-element elementor-element-7b503d5 elementor-widget elementor-widget-heading\" data-id=\"7b503d5\" data-element_type=\"widget\" data-widget_type=\"heading.default\">\n\t\t\t\t<div class=\"elementor-widget-container\">\n\t\t\t\t\t<h2 class=\"elementor-heading-title elementor-size-default\">Nos partenaires actuels<\/h2>\t\t\t\t<\/div>\n\t\t\t\t<\/div>\n\t\t\t\t\t<\/div>\n\t\t\t\t<\/div>\n\t\t<div class=\"elementor-element elementor-element-b840a15 e-flex e-con-boxed wpr-particle-no wpr-jarallax-no wpr-parallax-no wpr-sticky-section-no wpr-equal-height-no e-con e-parent\" data-id=\"b840a15\" data-element_type=\"container\">\n\t\t\t\t\t<div class=\"e-con-inner\">\n\t\t\t\t<div class=\"elementor-element elementor-element-1428271 elementor-widget elementor-widget-text-editor\" data-id=\"1428271\" data-element_type=\"widget\" data-widget_type=\"text-editor.default\">\n\t\t\t\t<div class=\"elementor-widget-container\">\n\t\t\t\t\t\t\t\t\t<p>Les partenaires sont essentiels dans la vie d&rsquo;un club sportif. Ils permettent d&rsquo;apporter des solutions financi\u00e8res ou mat\u00e9riel \u00e0 l&rsquo;association, dans le but d&rsquo;am\u00e9liorer jours apr\u00e8s jours l&rsquo;exp\u00e9rience des (futurs) adh\u00e9rents. En contre partie, nous leur offrons de la visibilit\u00e9 sur nos r\u00e9seaux, nos v\u00eatements, pendants les \u00e9v\u00e8nements &#8230;<\/p><p>Nous avons \u00e0 coeur de mettre en avant des entreprises de la r\u00e9gion, grandes ou petites.<\/p><p>Nous pouvons d&rsquo;ores et d\u00e9j\u00e0 compter plusieurs partenaires pour la saison 2024-2025, que nous avons le plaisir de vous d\u00e9crire ci-dessous<\/p>\t\t\t\t\t\t\t\t<\/div>\n\t\t\t\t<\/div>\n\t\t\t\t\t<\/div>\n\t\t\t\t<\/div>\n\t\t<div class=\"elementor-element elementor-element-0d8f00c e-flex e-con-boxed wpr-particle-no wpr-jarallax-no wpr-parallax-no wpr-sticky-section-no wpr-equal-height-no e-con e-parent\" data-id=\"0d8f00c\" data-element_type=\"container\">\n\t\t\t\t\t<div class=\"e-con-inner\">\n\t\t<div class=\"elementor-element elementor-element-7f6e620 e-con-full e-flex wpr-particle-no wpr-jarallax-no wpr-parallax-no wpr-sticky-section-no wpr-equal-height-no e-con e-child\" data-id=\"7f6e620\" data-element_type=\"container\">\n\t\t\t\t<div class=\"elementor-element elementor-element-5834ea5 elementor-widget elementor-widget-image\" data-id=\"5834ea5\" data-element_type=\"widget\" data-widget_type=\"image.default\">\n\t\t\t\t<div class=\"elementor-widget-container\">\n\t\t\t\t\t\t\t\t\t\t\t\t\t\t\t<img decoding=\"async\" src=\"https:\/\/www.gr-eclat01.fr\/wp-content\/uploads\/2024\/06\/LOGO-PNG.png\" title=\"\" alt=\"SARL Poncet , 1ere partenaire de l&#039;eclat rythmique\" loading=\"lazy\" \/>\t\t\t\t\t\t\t\t\t\t\t\t\t\t\t<\/div>\n\t\t\t\t<\/div>\n\t\t\t\t<div class=\"elementor-element elementor-element-3575c6f elementor-widget elementor-widget-image\" data-id=\"3575c6f\" data-element_type=\"widget\" data-widget_type=\"image.default\">\n\t\t\t\t<div class=\"elementor-widget-container\">\n\t\t\t\t\t\t\t\t\t\t\t\t\t\t\t<img decoding=\"async\" src=\"https:\/\/www.gr-eclat01.fr\/wp-content\/uploads\/2024\/09\/Screenshot_20240216_171810_Microsoft-365-Office.jpg\" title=\"\" alt=\"sponsors AG cr\u00e9ation\" loading=\"lazy\" \/>\t\t\t\t\t\t\t\t\t\t\t\t\t\t\t<\/div>\n\t\t\t\t<\/div>\n\t\t\t\t<\/div>\n\t\t<div class=\"elementor-element elementor-element-e46546e e-con-full e-flex wpr-particle-no wpr-jarallax-no wpr-parallax-no wpr-sticky-section-no wpr-equal-height-no e-con e-child\" data-id=\"e46546e\" data-element_type=\"container\">\n\t\t\t\t<div class=\"elementor-element elementor-element-5f9f5b9 elementor-widget elementor-widget-text-editor\" data-id=\"5f9f5b9\" data-element_type=\"widget\" data-widget_type=\"text-editor.default\">\n\t\t\t\t<div class=\"elementor-widget-container\">\n\t\t\t\t\t\t\t\t\t<p>La SARL Poncet est la 1\u00e8re entreprise nous ayant fait confiance pour cette saison!<\/p>\n<p>Cette entreprise intervient dans le monde de l&rsquo;agriculture avec passion et un grand savoir faire.<\/p>\n<p>Merci \u00e0 eux pour leur soutient!<\/p>\n<p><br><\/p>\n<p><br><\/p>\n<p><br><\/p>\n<p>AG Cr\u00e9ation , l&rsquo;entreprise sp\u00e9cialiste de vos r\u00e9novations ou constructions !<\/p>\n<p>Du sol au plafond, ils sauront r\u00e9aliser tous vos projets avec professionnalisme et rapidit\u00e9.<\/p><p>Contactez les d\u00e8s maintenant !&nbsp;<\/p><p><span style=\"font-size: 14px; color: var( --e-global-color-text ); text-align: var(--text-align);\">Un grand merci \u00e0 eux de nous accompagner pour cette premi\u00e8re ann\u00e9e.&nbsp;<\/span><br><\/p>\n<p><\/p>\t\t\t\t\t\t\t\t<\/div>\n\t\t\t\t<\/div>\n\t\t\t\t<\/div>\n\t\t\t\t\t<\/div>\n\t\t\t\t<\/div>\n\t\t<div class=\"elementor-element elementor-element-3c2282d e-flex e-con-boxed wpr-particle-no wpr-jarallax-no wpr-parallax-no wpr-sticky-section-no wpr-equal-height-no e-con e-parent\" data-id=\"3c2282d\" data-element_type=\"container\">\n\t\t\t\t\t<div class=\"e-con-inner\">\n\t\t\t\t<div class=\"elementor-element elementor-element-88a23b0 elementor-widget elementor-widget-text-editor\" data-id=\"88a23b0\" data-element_type=\"widget\" data-widget_type=\"text-editor.default\">\n\t\t\t\t<div class=\"elementor-widget-container\">\n\t\t\t\t\t\t\t\t\t<p>Vous souhaitez nous rejoindre pour faire partie de cette belle aventure ? N&rsquo;h\u00e9sitez pas \u00e0 nous contacter et \u00e0 t\u00e9l\u00e9charger notre projet associatif ainsi que notre dossier de sponsoring.<\/p>\t\t\t\t\t\t\t\t<\/div>\n\t\t\t\t<\/div>\n\t\t\t\t\t<\/div>\n\t\t\t\t<\/div>\n\t\t<div class=\"elementor-element elementor-element-9a9c487 e-flex e-con-boxed wpr-particle-no wpr-jarallax-no wpr-parallax-no wpr-sticky-section-no wpr-equal-height-no e-con e-parent\" data-id=\"9a9c487\" data-element_type=\"container\">\n\t\t\t\t\t<div class=\"e-con-inner\">\n\t\t<div class=\"elementor-element elementor-element-c1c7b11 e-con-full e-flex wpr-particle-no wpr-jarallax-no wpr-parallax-no wpr-sticky-section-no wpr-equal-height-no e-con e-child\" data-id=\"c1c7b11\" data-element_type=\"container\">\n\t\t\t\t<div class=\"elementor-element elementor-element-a92c077 elementor-view-default elementor-position-top elementor-mobile-position-top elementor-widget elementor-widget-icon-box\" data-id=\"a92c077\" data-element_type=\"widget\" data-widget_type=\"icon-box.default\">\n\t\t\t\t<div class=\"elementor-widget-container\">\n\t\t\t\t\t\t\t<div class=\"elementor-icon-box-wrapper\">\n\n\t\t\t\t\t\t<div class=\"elementor-icon-box-icon\">\n\t\t\t\t<a href=\"https:\/\/www.gr-eclat01.fr\/wp-content\/uploads\/2025\/04\/Dossier-de-sponsoring-Eclat-rythmique-val-de-saone_compressed.pdf\" class=\"elementor-icon\" tabindex=\"-1\" aria-label=\"Dossier de sponsoring et m\u00e9c\u00e9nat\">\n\t\t\t\t<svg aria-hidden=\"true\" class=\"e-font-icon-svg e-far-file-pdf\" viewBox=\"0 0 384 512\" xmlns=\"http:\/\/www.w3.org\/2000\/svg\"><path d=\"M369.9 97.9L286 14C277 5 264.8-.1 252.1-.1H48C21.5 0 0 21.5 0 48v416c0 26.5 21.5 48 48 48h288c26.5 0 48-21.5 48-48V131.9c0-12.7-5.1-25-14.1-34zM332.1 128H256V51.9l76.1 76.1zM48 464V48h160v104c0 13.3 10.7 24 24 24h104v288H48zm250.2-143.7c-12.2-12-47-8.7-64.4-6.5-17.2-10.5-28.7-25-36.8-46.3 3.9-16.1 10.1-40.6 5.4-56-4.2-26.2-37.8-23.6-42.6-5.9-4.4 16.1-.4 38.5 7 67.1-10 23.9-24.9 56-35.4 74.4-20 10.3-47 26.2-51 46.2-3.3 15.8 26 55.2 76.1-31.2 22.4-7.4 46.8-16.5 68.4-20.1 18.9 10.2 41 17 55.8 17 25.5 0 28-28.2 17.5-38.7zm-198.1 77.8c5.1-13.7 24.5-29.5 30.4-35-19 30.3-30.4 35.7-30.4 35zm81.6-190.6c7.4 0 6.7 32.1 1.8 40.8-4.4-13.9-4.3-40.8-1.8-40.8zm-24.4 136.6c9.7-16.9 18-37 24.7-54.7 8.3 15.1 18.9 27.2 30.1 35.5-20.8 4.3-38.9 13.1-54.8 19.2zm131.6-5s-5 6-37.3-7.8c35.1-2.6 40.9 5.4 37.3 7.8z\"><\/path><\/svg>\t\t\t\t<\/a>\n\t\t\t<\/div>\n\t\t\t\n\t\t\t\t\t\t<div class=\"elementor-icon-box-content\">\n\n\t\t\t\t\t\t\t\t\t<h3 class=\"elementor-icon-box-title\">\n\t\t\t\t\t\t<a href=\"https:\/\/www.gr-eclat01.fr\/wp-content\/uploads\/2025\/04\/Dossier-de-sponsoring-Eclat-rythmique-val-de-saone_compressed.pdf\" >\n\t\t\t\t\t\t\tDossier de sponsoring et m\u00e9c\u00e9nat\t\t\t\t\t\t<\/a>\n\t\t\t\t\t<\/h3>\n\t\t\t\t\n\t\t\t\t\n\t\t\t<\/div>\n\t\t\t\n\t\t<\/div>\n\t\t\t\t\t\t<\/div>\n\t\t\t\t<\/div>\n\t\t\t\t<\/div>\n\t\t<div class=\"elementor-element elementor-element-fd616b5 e-con-full e-flex wpr-particle-no wpr-jarallax-no wpr-parallax-no wpr-sticky-section-no wpr-equal-height-no e-con e-child\" data-id=\"fd616b5\" data-element_type=\"container\">\n\t\t\t\t<div class=\"elementor-element elementor-element-d87ea40 elementor-view-default elementor-position-top elementor-mobile-position-top elementor-widget elementor-widget-icon-box\" data-id=\"d87ea40\" data-element_type=\"widget\" data-widget_type=\"icon-box.default\">\n\t\t\t\t<div class=\"elementor-widget-container\">\n\t\t\t\t\t\t\t<div class=\"elementor-icon-box-wrapper\">\n\n\t\t\t\t\t\t<div class=\"elementor-icon-box-icon\">\n\t\t\t\t<a href=\"https:\/\/www.gr-eclat01.fr\/wp-content\/uploads\/2025\/04\/Projet-Associatif-eclat-rythmique-val-de-saone.docx-1-20_compressed.pdf\" class=\"elementor-icon\" tabindex=\"-1\" aria-label=\"Projet associatif\">\n\t\t\t\t<svg aria-hidden=\"true\" class=\"e-font-icon-svg e-far-file-pdf\" viewBox=\"0 0 384 512\" xmlns=\"http:\/\/www.w3.org\/2000\/svg\"><path d=\"M369.9 97.9L286 14C277 5 264.8-.1 252.1-.1H48C21.5 0 0 21.5 0 48v416c0 26.5 21.5 48 48 48h288c26.5 0 48-21.5 48-48V131.9c0-12.7-5.1-25-14.1-34zM332.1 128H256V51.9l76.1 76.1zM48 464V48h160v104c0 13.3 10.7 24 24 24h104v288H48zm250.2-143.7c-12.2-12-47-8.7-64.4-6.5-17.2-10.5-28.7-25-36.8-46.3 3.9-16.1 10.1-40.6 5.4-56-4.2-26.2-37.8-23.6-42.6-5.9-4.4 16.1-.4 38.5 7 67.1-10 23.9-24.9 56-35.4 74.4-20 10.3-47 26.2-51 46.2-3.3 15.8 26 55.2 76.1-31.2 22.4-7.4 46.8-16.5 68.4-20.1 18.9 10.2 41 17 55.8 17 25.5 0 28-28.2 17.5-38.7zm-198.1 77.8c5.1-13.7 24.5-29.5 30.4-35-19 30.3-30.4 35.7-30.4 35zm81.6-190.6c7.4 0 6.7 32.1 1.8 40.8-4.4-13.9-4.3-40.8-1.8-40.8zm-24.4 136.6c9.7-16.9 18-37 24.7-54.7 8.3 15.1 18.9 27.2 30.1 35.5-20.8 4.3-38.9 13.1-54.8 19.2zm131.6-5s-5 6-37.3-7.8c35.1-2.6 40.9 5.4 37.3 7.8z\"><\/path><\/svg>\t\t\t\t<\/a>\n\t\t\t<\/div>\n\t\t\t\n\t\t\t\t\t\t<div class=\"elementor-icon-box-content\">\n\n\t\t\t\t\t\t\t\t\t<h3 class=\"elementor-icon-box-title\">\n\t\t\t\t\t\t<a href=\"https:\/\/www.gr-eclat01.fr\/wp-content\/uploads\/2025\/04\/Projet-Associatif-eclat-rythmique-val-de-saone.docx-1-20_compressed.pdf\" >\n\t\t\t\t\t\t\tProjet associatif\t\t\t\t\t\t<\/a>\n\t\t\t\t\t<\/h3>\n\t\t\t\t\n\t\t\t\t\n\t\t\t<\/div>\n\t\t\t\n\t\t<\/div>\n\t\t\t\t\t\t<\/div>\n\t\t\t\t<\/div>\n\t\t\t\t<\/div>\n\t\t\t\t\t<\/div>\n\t\t\t\t<\/div>\n\t\t\t\t<\/div>\n\t\t","protected":false},"excerpt":{"rendered":"<p>Nos partenaires actuels Les partenaires sont essentiels dans la vie d&rsquo;un club sportif. Ils permettent d&rsquo;apporter des solutions financi\u00e8res ou mat\u00e9riel \u00e0 l&rsquo;association, dans le but d&rsquo;am\u00e9liorer jours apr\u00e8s jours l&rsquo;exp\u00e9rience des (futurs) adh\u00e9rents. En contre partie, nous leur offrons de la visibilit\u00e9 sur nos r\u00e9seaux, nos v\u00eatements, pendants les \u00e9v\u00e8nements &#8230; Nous avons \u00e0 coeur de mettre en avant des entreprises de la r\u00e9gion, grandes ou petites. Nous pouvons d&rsquo;ores et d\u00e9j\u00e0 compter plusieurs partenaires pour la saison 2024-2025, que nous avons le plaisir de vous d\u00e9crire ci-dessous La SARL Poncet est la 1\u00e8re entreprise nous ayant fait confiance pour cette saison! Cette entreprise intervient dans le monde de l&rsquo;agriculture avec passion et un grand savoir faire. Merci \u00e0 eux pour leur soutient! AG Cr\u00e9ation , l&rsquo;entreprise sp\u00e9cialiste de vos r\u00e9novations ou constructions ! Du sol au plafond, ils sauront r\u00e9aliser tous vos projets avec professionnalisme et rapidit\u00e9. Contactez les d\u00e8s maintenant !&nbsp; Un grand merci \u00e0 eux de nous accompagner pour cette premi\u00e8re ann\u00e9e.&nbsp; Vous souhaitez nous rejoindre pour faire partie de cette belle aventure ? N&rsquo;h\u00e9sitez pas \u00e0 nous contacter et \u00e0 t\u00e9l\u00e9charger notre projet associatif ainsi que notre dossier de sponsoring. Dossier de sponsoring et m\u00e9c\u00e9nat Projet associatif<\/p>\n","protected":false},"author":1,"featured_media":0,"parent":0,"menu_order":0,"comment_status":"closed","ping_status":"closed","template":"","meta":{"footnotes":""},"class_list":["post-894","page","type-page","status-publish","hentry","entry"],"yoast_head":"<!-- This site is optimized with the Yoast SEO plugin v27.4 - https:\/\/yoast.com\/product\/yoast-seo-wordpress\/ -->\n<title>Partenaires - Eclat Rythmique Val de Sa\u00f4ne<\/title>\n<meta name=\"description\" content=\"Nos partenaires sont un \u00e9l\u00e9ment cl\u00e9s pour la vie et l&#039;\u00e9volution du club. Nous sommes ravis de pouvoir compter sur eux pour cette 1\u00e8re saison\" \/>\n<meta name=\"robots\" content=\"index, follow, max-snippet:-1, max-image-preview:large, max-video-preview:-1\" \/>\n<link rel=\"canonical\" href=\"https:\/\/www.gr-eclat01.fr\/index.php\/partenaires\/\" \/>\n<meta property=\"og:locale\" content=\"fr_FR\" \/>\n<meta property=\"og:type\" content=\"article\" \/>\n<meta property=\"og:title\" content=\"Partenaires - Eclat Rythmique Val de Sa\u00f4ne\" \/>\n<meta property=\"og:description\" content=\"Nos partenaires sont un \u00e9l\u00e9ment cl\u00e9s pour la vie et l&#039;\u00e9volution du club. Nous sommes ravis de pouvoir compter sur eux pour cette 1\u00e8re saison\" \/>\n<meta property=\"og:url\" content=\"https:\/\/www.gr-eclat01.fr\/index.php\/partenaires\/\" \/>\n<meta property=\"og:site_name\" content=\"Eclat Rythmique Val de Sa\u00f4ne\" \/>\n<meta property=\"article:modified_time\" content=\"2025-04-25T09:22:00+00:00\" \/>\n<meta name=\"twitter:card\" content=\"summary_large_image\" \/>\n<meta name=\"twitter:label1\" content=\"Dur\u00e9e de lecture estim\u00e9e\" \/>\n\t<meta name=\"twitter:data1\" content=\"2 minutes\" \/>\n<script type=\"application\/ld+json\" class=\"yoast-schema-graph\">{\"@context\":\"https:\\\/\\\/schema.org\",\"@graph\":[{\"@type\":\"WebPage\",\"@id\":\"https:\\\/\\\/www.gr-eclat01.fr\\\/index.php\\\/partenaires\\\/\",\"url\":\"https:\\\/\\\/www.gr-eclat01.fr\\\/index.php\\\/partenaires\\\/\",\"name\":\"Partenaires - Eclat Rythmique Val de Sa\u00f4ne\",\"isPartOf\":{\"@id\":\"https:\\\/\\\/www.gr-eclat01.fr\\\/#website\"},\"primaryImageOfPage\":{\"@id\":\"https:\\\/\\\/www.gr-eclat01.fr\\\/index.php\\\/partenaires\\\/#primaryimage\"},\"image\":{\"@id\":\"https:\\\/\\\/www.gr-eclat01.fr\\\/index.php\\\/partenaires\\\/#primaryimage\"},\"thumbnailUrl\":\"https:\\\/\\\/www.gr-eclat01.fr\\\/wp-content\\\/uploads\\\/2024\\\/06\\\/LOGO-PNG-1024x583.png\",\"datePublished\":\"2024-06-11T09:27:24+00:00\",\"dateModified\":\"2025-04-25T09:22:00+00:00\",\"description\":\"Nos partenaires sont un \u00e9l\u00e9ment cl\u00e9s pour la vie et l'\u00e9volution du club. Nous sommes ravis de pouvoir compter sur eux pour cette 1\u00e8re saison\",\"breadcrumb\":{\"@id\":\"https:\\\/\\\/www.gr-eclat01.fr\\\/index.php\\\/partenaires\\\/#breadcrumb\"},\"inLanguage\":\"fr-FR\",\"potentialAction\":[{\"@type\":\"ReadAction\",\"target\":[\"https:\\\/\\\/www.gr-eclat01.fr\\\/index.php\\\/partenaires\\\/\"]}]},{\"@type\":\"ImageObject\",\"inLanguage\":\"fr-FR\",\"@id\":\"https:\\\/\\\/www.gr-eclat01.fr\\\/index.php\\\/partenaires\\\/#primaryimage\",\"url\":\"\",\"contentUrl\":\"\"},{\"@type\":\"BreadcrumbList\",\"@id\":\"https:\\\/\\\/www.gr-eclat01.fr\\\/index.php\\\/partenaires\\\/#breadcrumb\",\"itemListElement\":[{\"@type\":\"ListItem\",\"position\":1,\"name\":\"Accueil\",\"item\":\"https:\\\/\\\/www.gr-eclat01.fr\\\/\"},{\"@type\":\"ListItem\",\"position\":2,\"name\":\"Partenaires\"}]},{\"@type\":\"WebSite\",\"@id\":\"https:\\\/\\\/www.gr-eclat01.fr\\\/#website\",\"url\":\"https:\\\/\\\/www.gr-eclat01.fr\\\/\",\"name\":\"Eclat Rythmique Val de Sa\u00f4ne\",\"description\":\"Eclat Rythmique Val de Sa\u00f4ne\",\"publisher\":{\"@id\":\"https:\\\/\\\/www.gr-eclat01.fr\\\/#organization\"},\"potentialAction\":[{\"@type\":\"SearchAction\",\"target\":{\"@type\":\"EntryPoint\",\"urlTemplate\":\"https:\\\/\\\/www.gr-eclat01.fr\\\/?s={search_term_string}\"},\"query-input\":{\"@type\":\"PropertyValueSpecification\",\"valueRequired\":true,\"valueName\":\"search_term_string\"}}],\"inLanguage\":\"fr-FR\"},{\"@type\":\"Organization\",\"@id\":\"https:\\\/\\\/www.gr-eclat01.fr\\\/#organization\",\"name\":\"Eclat Rythmique Val de Sa\u00f4ne\",\"url\":\"https:\\\/\\\/www.gr-eclat01.fr\\\/\",\"logo\":{\"@type\":\"ImageObject\",\"inLanguage\":\"fr-FR\",\"@id\":\"https:\\\/\\\/www.gr-eclat01.fr\\\/#\\\/schema\\\/logo\\\/image\\\/\",\"url\":\"https:\\\/\\\/www.gr-eclat01.fr\\\/wp-content\\\/uploads\\\/2026\\\/04\\\/cropped-logo-2026-1.png\",\"contentUrl\":\"https:\\\/\\\/www.gr-eclat01.fr\\\/wp-content\\\/uploads\\\/2026\\\/04\\\/cropped-logo-2026-1.png\",\"width\":375,\"height\":229,\"caption\":\"Eclat Rythmique Val de Sa\u00f4ne\"},\"image\":{\"@id\":\"https:\\\/\\\/www.gr-eclat01.fr\\\/#\\\/schema\\\/logo\\\/image\\\/\"}}]}<\/script>\n<!-- \/ Yoast SEO plugin. -->","yoast_head_json":{"title":"Partenaires - Eclat Rythmique Val de Sa\u00f4ne","description":"Nos partenaires sont un \u00e9l\u00e9ment cl\u00e9s pour la vie et l'\u00e9volution du club. Nous sommes ravis de pouvoir compter sur eux pour cette 1\u00e8re saison","robots":{"index":"index","follow":"follow","max-snippet":"max-snippet:-1","max-image-preview":"max-image-preview:large","max-video-preview":"max-video-preview:-1"},"canonical":"https:\/\/www.gr-eclat01.fr\/index.php\/partenaires\/","og_locale":"fr_FR","og_type":"article","og_title":"Partenaires - Eclat Rythmique Val de Sa\u00f4ne","og_description":"Nos partenaires sont un \u00e9l\u00e9ment cl\u00e9s pour la vie et l'\u00e9volution du club. Nous sommes ravis de pouvoir compter sur eux pour cette 1\u00e8re saison","og_url":"https:\/\/www.gr-eclat01.fr\/index.php\/partenaires\/","og_site_name":"Eclat Rythmique Val de Sa\u00f4ne","article_modified_time":"2025-04-25T09:22:00+00:00","twitter_card":"summary_large_image","twitter_misc":{"Dur\u00e9e de lecture estim\u00e9e":"2 minutes"},"schema":{"@context":"https:\/\/schema.org","@graph":[{"@type":"WebPage","@id":"https:\/\/www.gr-eclat01.fr\/index.php\/partenaires\/","url":"https:\/\/www.gr-eclat01.fr\/index.php\/partenaires\/","name":"Partenaires - Eclat Rythmique Val de Sa\u00f4ne","isPartOf":{"@id":"https:\/\/www.gr-eclat01.fr\/#website"},"primaryImageOfPage":{"@id":"https:\/\/www.gr-eclat01.fr\/index.php\/partenaires\/#primaryimage"},"image":{"@id":"https:\/\/www.gr-eclat01.fr\/index.php\/partenaires\/#primaryimage"},"thumbnailUrl":"https:\/\/www.gr-eclat01.fr\/wp-content\/uploads\/2024\/06\/LOGO-PNG-1024x583.png","datePublished":"2024-06-11T09:27:24+00:00","dateModified":"2025-04-25T09:22:00+00:00","description":"Nos partenaires sont un \u00e9l\u00e9ment cl\u00e9s pour la vie et l'\u00e9volution du club. Nous sommes ravis de pouvoir compter sur eux pour cette 1\u00e8re saison","breadcrumb":{"@id":"https:\/\/www.gr-eclat01.fr\/index.php\/partenaires\/#breadcrumb"},"inLanguage":"fr-FR","potentialAction":[{"@type":"ReadAction","target":["https:\/\/www.gr-eclat01.fr\/index.php\/partenaires\/"]}]},{"@type":"ImageObject","inLanguage":"fr-FR","@id":"https:\/\/www.gr-eclat01.fr\/index.php\/partenaires\/#primaryimage","url":"","contentUrl":""},{"@type":"BreadcrumbList","@id":"https:\/\/www.gr-eclat01.fr\/index.php\/partenaires\/#breadcrumb","itemListElement":[{"@type":"ListItem","position":1,"name":"Accueil","item":"https:\/\/www.gr-eclat01.fr\/"},{"@type":"ListItem","position":2,"name":"Partenaires"}]},{"@type":"WebSite","@id":"https:\/\/www.gr-eclat01.fr\/#website","url":"https:\/\/www.gr-eclat01.fr\/","name":"Eclat Rythmique Val de Sa\u00f4ne","description":"Eclat Rythmique Val de Sa\u00f4ne","publisher":{"@id":"https:\/\/www.gr-eclat01.fr\/#organization"},"potentialAction":[{"@type":"SearchAction","target":{"@type":"EntryPoint","urlTemplate":"https:\/\/www.gr-eclat01.fr\/?s={search_term_string}"},"query-input":{"@type":"PropertyValueSpecification","valueRequired":true,"valueName":"search_term_string"}}],"inLanguage":"fr-FR"},{"@type":"Organization","@id":"https:\/\/www.gr-eclat01.fr\/#organization","name":"Eclat Rythmique Val de Sa\u00f4ne","url":"https:\/\/www.gr-eclat01.fr\/","logo":{"@type":"ImageObject","inLanguage":"fr-FR","@id":"https:\/\/www.gr-eclat01.fr\/#\/schema\/logo\/image\/","url":"https:\/\/www.gr-eclat01.fr\/wp-content\/uploads\/2026\/04\/cropped-logo-2026-1.png","contentUrl":"https:\/\/www.gr-eclat01.fr\/wp-content\/uploads\/2026\/04\/cropped-logo-2026-1.png","width":375,"height":229,"caption":"Eclat Rythmique Val de Sa\u00f4ne"},"image":{"@id":"https:\/\/www.gr-eclat01.fr\/#\/schema\/logo\/image\/"}}]}},"jetpack_sharing_enabled":true,"_links":{"self":[{"href":"https:\/\/www.gr-eclat01.fr\/index.php\/wp-json\/wp\/v2\/pages\/894","targetHints":{"allow":["GET"]}}],"collection":[{"href":"https:\/\/www.gr-eclat01.fr\/index.php\/wp-json\/wp\/v2\/pages"}],"about":[{"href":"https:\/\/www.gr-eclat01.fr\/index.php\/wp-json\/wp\/v2\/types\/page"}],"author":[{"embeddable":true,"href":"https:\/\/www.gr-eclat01.fr\/index.php\/wp-json\/wp\/v2\/users\/1"}],"replies":[{"embeddable":true,"href":"https:\/\/www.gr-eclat01.fr\/index.php\/wp-json\/wp\/v2\/comments?post=894"}],"version-history":[{"count":17,"href":"https:\/\/www.gr-eclat01.fr\/index.php\/wp-json\/wp\/v2\/pages\/894\/revisions"}],"predecessor-version":[{"id":1268,"href":"https:\/\/www.gr-eclat01.fr\/index.php\/wp-json\/wp\/v2\/pages\/894\/revisions\/1268"}],"wp:attachment":[{"href":"https:\/\/www.gr-eclat01.fr\/index.php\/wp-json\/wp\/v2\/media?parent=894"}],"curies":[{"name":"wp","href":"https:\/\/api.w.org\/{rel}","templated":true}]}}